{"id":290,"date":"2022-07-27T17:23:06","date_gmt":"2022-07-27T14:23:06","guid":{"rendered":"https:\/\/dortdivan.net\/?page_id=290"},"modified":"2022-07-27T17:30:26","modified_gmt":"2022-07-27T14:30:26","slug":"tanitim","status":"publish","type":"page","link":"https:\/\/dortdivan.net\/?page_id=290","title":{"rendered":"Tan\u0131t\u0131m"},"content":{"rendered":"<p>&nbsp;<\/p>\n<p align=\"justify\"><span style=\"color: darkblue; font-family: Book Antiqua; font-size: medium;\"><b>&nbsp;TANITIM:<\/b><\/span><br \/>\n&nbsp;&nbsp;&nbsp;&nbsp;&nbsp;&nbsp;<span style=\"color: black; font-family: Book Antiqua; font-size: medium;\">\u0130l\u00e7emiz Karadeniz bolgesinin Bati karadeniz kesiminin \u015firin ili Bolu ili hudutlar\u0131 i\u00e7erisindedir.<\/span><\/p>\n<p>&nbsp;&nbsp;&nbsp;&nbsp;&nbsp;&nbsp;Bolu topraklar\u0131n\u0131n do\u011fu k\u0131sm\u0131n\u0131 kaplayan D\u00f6rtdivan \u0130l\u00e7esi, daha \u00f6nceleri Gerede \u0130l\u00e7esinin bir nahiyesi idi. G\u00fcneyden Ankara&#8217;n\u0131n \u00c7aml\u0131dere \u0130l\u00e7esi, do\u011fudan Gerede \u0130l\u00e7esi, Kuzeyden Yeni\u00e7a\u011fa \u0130l\u00e7esi, Bat\u0131dan Bolu Merkezi, g\u00fcneybat\u0131dan K\u0131br\u0131s\u00e7\u0131k \u0130l\u00e7esi ile kom\u015fu ve s\u0131n\u0131rl\u0131d\u0131r. D\u00f6rtdivan \u0130l\u00e7e merkezinin yerle\u015fim alan\u0131 6.278 d\u00f6n\u00fcm, k\u00f6yleri ile birlikte y\u00fcz\u00f6l\u00e7\u00fcm\u00fc ise 79.268 (284 km2)d\u00f6n\u00fcmd\u00fcr. \u0130l\u00e7enin rak\u0131m\u0131 1167 m.dir.<\/p>\n<p>&nbsp;&nbsp;&nbsp;&nbsp;&nbsp;&nbsp;Kuzey Anadolu S\u0131rada\u011flar\u0131, Ilgaz Tepesinden bat\u0131ya do\u011fru ikiye ayr\u0131larak uzan\u0131rlar. Bu s\u0131rada\u011flar\u0131n g\u00fcney kolu il\u00e7enin g\u00fcneyinde Ankara ile D\u00f6rtdivan tabii s\u0131n\u0131r\u0131n\u0131 \u00e7izer. Do\u011fu bat\u0131 do\u011frultusunda uzanan bu s\u0131rada\u011flara Benli ve K\u00fct\u00fckl\u00fc ad\u0131 verilir. Bu s\u0131rada\u011flar\u0131n devam\u0131n te\u015fkil eden K\u00f6ro\u011flu da\u011flar\u0131 da il\u00e7enin bat\u0131 g\u00fcneyinden hafif bir yay \u00e7izerek kuzeye do\u011fru uzan\u0131rlar ve il\u00e7enin bat\u0131 tabii s\u0131n\u0131r\u0131n\u0131 \u00e7izerler. Bu da\u011flar\u0131n en y\u00fcksek tepesi K\u00f6ro\u011flu Tepesi olup,2499 m.dir. K\u00f6ro\u011flu da\u011flar\u0131 volkanik da\u011flard\u0131r. D\u00f6rtdivan il\u00e7esi genelde oval\u0131kt\u0131r. Bu nedenle de yerle\u015fim yerleri birbirine \u00e7ok yak\u0131nd\u0131r.<\/p>\n<p>&nbsp;&nbsp;&nbsp;&nbsp;&nbsp;&nbsp;D\u00f6rtdivan il\u00e7esinden K\u00f6ro\u011flu Da\u011flar\u0131n\u0131n do\u011fu yamac\u0131nda iki kol halinde \u00e7\u0131k\u0131p D\u00f6rtdivan Ovas\u0131nda birle\u015fen Gerede Ovas\u0131 ortas\u0131ndan bat\u0131-do\u011fu do\u011frultusunda akan \u00c7ank\u0131r\u0131 topraklar\u0131ndan sonra Zonguldak topraklar\u0131ndan Filyos \u00c7ay\u0131na kar\u0131\u015farak Karadeniz\u2019e d\u00f6k\u00fclen Ulusu ad\u0131 verilen akarsuyu vard\u0131r. Bu akarsu Sorkun, Yalac\u0131k ve D\u00fc\u011fer dereleri ile beslenmektedir.<\/p>\n<p>&nbsp;&nbsp;&nbsp;&nbsp;&nbsp;&nbsp;Son n\u00fcfus say\u0131m\u0131na g\u00f6re D\u00f6rtdivan&#8217;\u0131n il\u00e7e merkezinin n\u00fcfusu 2790, k\u00f6yleri ile birlikte toplam n\u00fcfusu 13.499 ki\u015fidir.Merkez n\u00fcfusu son say\u0131m verilerine g\u00f6re 3.200 adet koyu ile birlikte 9.500 civar\u0131ndad\u0131r. 1970 li y\u0131llarda n\u00fcfusu 24.000 civar\u0131nda iken b\u00fcy\u00fck \u015fehirlere yo\u011fun g\u00f6\u00e7 nedeniyle d\u00fc\u015fm\u00fc\u015ft\u00fcr.En b\u00fcy\u00fck neden sanayi yat\u0131r\u0131m\u0131n\u0131n bulunmamas\u0131 ve ekilen arazilerin yeterli olmamas\u0131d\u0131r.<\/p>\n<p>&nbsp;&nbsp;&nbsp;&nbsp;&nbsp;&nbsp;D\u00f6rtdivan il\u00e7emizin iklimi , ne deniz ikliminin ne de \u0130\u00e7 Anadolu&#8217;nun karasal iklimine aynen uyan bir iklim \u00f6zelli\u011fi ta\u015f\u0131r. Her iki iklimin aras\u0131nda ge\u00e7i\u015f alan\u0131d\u0131r. Yazlar\u0131 serin, k\u0131\u015flar\u0131 so\u011fuk ge\u00e7er. K\u0131\u015f aylar\u0131 daha ziyade kar ya\u011f\u0131\u015fl\u0131d\u0131r. En fazla ya\u011fmur ilkbahar aylar\u0131nda ya\u011far.<\/p>\n<p><script type=\"text\/javascript\"><!-- google_ad_client = \"pub-4343867625425581\"; \/\/728x15, olu\u015fturulma 13.11.2007 google_ad_slot = \"9471209042\"; google_ad_width = 620; google_ad_height = 15; \/\/--><\/script><br \/>\n<script type=\"text\/javascript\" src=\"http:\/\/pagead2.googlesyndication.com\/pagead\/show_ads.js\">\n<\/script><\/p>\n<hr width=\"99%\">\n<p><a name=\"#Tarihce\"><\/a><\/p>\n<p align=\"justify\"><span style=\"color: darkblue; font-size: medium;\"><b>&nbsp;TAR\u0130H\u00c7E:<\/b><\/span><br \/>\n&nbsp;&nbsp;&nbsp;&nbsp;&nbsp;&nbsp;\u0130l\u00e7emizin tarih\u00e7esi \u00e7ok eskilere dayanmakta olup, 1074-1076 yillarinda Dortdivan, O\u011fuzlar\u0131n kayi boyu ile iskan edilmistir. Oguzlar yerlestikleri bu yerlere orta asyadaki anayurtlarindaki kabile ve yer isimlerini vermislerdir.<\/p>\n<p><span style=\"color: darkblue; font-size: small;\">&#8220;Adakinik, Duver, Bunus,Adakoy, Dulger, Gobuler, Hacetler, Kuruca ve Ortakoy vb.&#8221;<\/span><\/p>\n<p>&nbsp;&nbsp;&nbsp;&nbsp;&nbsp;&nbsp;Selcuklu Sultani Meliksah, 1077 y\u0131l\u0131nda Kutalm\u0131\u015fo\u011flu S\u00fcleyman Beyi gorev verdiginde; Kutalmis oglu suleyman bey kizil irmak ile istanbul bogazi arasindaki topraklara bir milyon turk (yuzbin cadir) yerlestirmistir.<\/p>\n<p>&nbsp;&nbsp;&nbsp;&nbsp;&nbsp;&nbsp;Anadolu Sel\u00e7uklu Devletini kurulduktan sonra Gerede, D\u00f6rtdivan havalisi, Anadolu Sel\u00e7uklular\u0131n\u0131n himayesinde bulunuyordu. 1197&#8217;de I. Alaaddin Keykubat zaman\u0131nda D\u00f6rtdivan&#8217;\u0131n kuruldu\u011fu tahmin edilmektedir. D\u00f6rtdivan ismi de buradan gelmektedir.<\/p>\n<p>&nbsp;&nbsp;&nbsp;&nbsp;&nbsp;&nbsp;Evliya \u00c7elebi&#8217;nin seyahatnamesine g\u00f6re, Sel\u00e7uklular devrinde Sultan I. Alaaddin Keykubat Bolu Beyi iken bu da\u011flar\u0131 feth ettik\u00e7e istirahat vermek i\u00e7in Divank\u00fcs\u00fc \u00e7ald\u0131rd\u0131\u011f\u0131 yerlerdir ki; Bu yerlere Divan ad\u0131 verilmi\u015ftir. \u00d6nceleri yedi divandan olu\u015fan b\u00f6lge zamanla \u00fc\u00e7 divana d\u00fc\u015fm\u00fc\u015f ve di\u011fer divanlarla birle\u015ferek D\u00f6rtdivan ad\u0131n\u0131 alm\u0131\u015ft\u0131r.<\/p>\n<p>&nbsp;&nbsp;&nbsp;&nbsp;&nbsp;&nbsp;1692 1812 tarihleri aras\u0131nda Bolu Voyvodal\u0131\u011f\u0131na ba\u011fl\u0131 bir Suba\u015f\u0131l\u0131k iken 1812 1864 tarihleri aras\u0131nda Bolu Viran\u015fehir Sanca\u011f\u0131na ba\u011fl\u0131 19 kasabadan biri olarak g\u00f6r\u00fcl\u00fcr. Daha sonra Bolu Mutasarr\u0131fl\u0131\u011f\u0131 Kastamonu vilayetine ba\u011fland\u0131 ve 1890 Devlet salnamesine g\u00f6re Gerede, Bolu Mutasarr\u0131fl\u0131\u011f\u0131n\u0131n bir kazas\u0131 ve D\u00f6rtdivan ve \u00c7a\u011fa da nahiyesi oldu.<\/p>\n<p>&nbsp;&nbsp;&nbsp;&nbsp;&nbsp;&nbsp;1990 tarihine kadar nahiye olan D\u00f6rtdivan 9.5.1990&#8217;da il\u00e7e olmu\u015ftur.<\/p>\n<p>&nbsp;&nbsp;&nbsp;&nbsp;&nbsp;&nbsp;Kastamonu salnamesinden edinilen bilgilere g\u00f6re 1700 y\u0131l\u0131nda yap\u0131l\u0131p I. Cihan sava\u015f\u0131na kadar D\u00f6rtdivan&#8217;da medreselerin oldu\u011fu haber verilmektedir. Bu medreselerde b\u00fcy\u00fck alimler yeti\u015fmi\u015ftir.<\/p>\n<p>&nbsp;&nbsp;&nbsp;&nbsp;&nbsp;&nbsp;<span style=\"color: darkred; font-size: small;\">D\u00f6rtdivan&#8217;l\u0131 Hilmi : <\/span>D\u00f6rtdivan \u0130l\u00e7esinin Do\u011fanc\u0131lar k\u00f6y\u00fcnde do\u011fan Hilmi&#8217;nin do\u011fum tarihi 1826&#8217;d\u0131r. 1903&#8217;de ayn\u0131 k\u00f6yde \u00f6lm\u00fc\u015ft\u00fcr. Hilmi, \u0130stanbul&#8217;da iyi bir medrese \u00f6\u011frenimi yapm\u0131\u015f, ayd\u0131n bir ailenin \u00e7ocu\u011fudur. Hilmi&#8217;nin dedesi Hac\u0131 M\u00fcderris Ahmet Efendi 19. y\u00fczy\u0131lda k\u00f6ylerinde m\u00fcderrislik yapm\u0131\u015ft\u0131r. Annesi Saliha Hatun&#8217;dur. Sade ve Hece vezni ile yazd\u0131\u011f\u0131 \u015fiirlerinde \u00e7a\u011f\u0131n\u0131n olaylar\u0131n\u0131 dile getirmi\u015ftir. Plevne Sava\u015f\u0131&#8217;nda \u00fc\u00e7 o\u011flunu kaybetmi\u015f ve onlar i\u00e7in \u015fu d\u00f6rtl\u00fc\u011f\u00fc yazm\u0131\u015ft\u0131r. Ger\u00e7i noksan olmu\u015f ruzi beyitler Zihnimiz da\u011f\u0131tt\u0131 merhum yi\u011fitler Ci\u011ferimizde vard\u0131r, \u00e7ok delikler Der-is beka oldu \u00fc\u00e7 evlad\u0131m\u0131z.<\/p>\n<p>&nbsp;&nbsp;&nbsp;&nbsp;&nbsp;&nbsp;<span style=\"color: darkred; font-size: small;\">K\u00f6ro\u011flu: <\/span>XVI. Y\u00fczy\u0131lda ya\u015fam\u0131\u015f bir kahraman ve halk \u015fairidir. B\u00fct\u00fcn T\u00fcrkiye K\u00f6ro\u011flu&#8217;nun kahramanl\u0131klar\u0131n\u0131 ve \u015fiirlerini bilir. O\u011fuz tarih\u00e7isi Faruk S\u00dcMER yeni bir incelenmesinde K\u00f6ro\u011flunun D\u00f6rtdivan&#8217;l\u0131 oldu\u011funu ileri s\u00fcrmektedir. K\u00f6ro\u011flu&#8217;nun, il\u00e7enin A. Say\u0131k k\u00f6y\u00fcn\u00fcn Hesinler Mahallesindeki K\u00f6rler ailesinden oldu\u011fu anlat\u0131lmaktad\u0131r.<\/p>\n<p align=\"justify\"><span style=\"color: darkred; font-size: small;\"><b>&nbsp;<u>GEZ\u0130P G\u00d6R\u00dcLEB\u0130LECEK YERLER, \u015eENL\u0130KLER:<\/u><\/b><\/span><br \/>\n&nbsp;&nbsp;&nbsp;&nbsp;&nbsp;&nbsp;\u0130l\u00e7emizde Ya\u011fba\u015flar K\u00f6y\u00fcn&#8217;de Bizans kale kal\u0131nt\u0131lar\u0131 vard\u0131r. Yukar\u0131say\u0131k ve Sorkun k\u00f6yleri aras\u0131nda bir tepede Himmet Dede T\u00fcrbesi, K\u0131l\u0131\u00e7lar k\u00f6y\u00fcnde K\u0131rklar T\u00fcrbesi, \u00c7alk\u00f6y&#8217;de \u015eehriban Nine T\u00fcrbesi, Merkez Camii yan\u0131nda Secamehmet Dede T\u00fcrbesi bulunmaktad\u0131r.Ayr\u0131ca Ya\u011fba\u015flar K\u00f6y\u00fc M\u00fcrseller mahallesinde Ayvadibi \u015eifal\u0131 Suyu bulunur.<\/p>\n<p>&nbsp;&nbsp;&nbsp;&nbsp;&nbsp;&nbsp;Her y\u0131l Temmuz ay\u0131 i\u00e7inde D\u00f6rtdivan yaylalar\u0131nda K\u00f6ro\u011flu \u015eenlikleri yap\u0131lmaktad\u0131r.\u00c7alk\u00f6y, \u00c7etik\u00f6ren, Kara\u00e7ay\u0131r, Kapakl\u0131 ve Kirazl\u0131 en \u00f6nemli yaylalar\u0131d\u0131r.<\/p>\n<p>&nbsp;<\/p>\n<hr width=\"99%\">\n<p><a name=\"#Eko\"><\/a><\/p>\n<p align=\"justify\"><span style=\"color: darkblue; font-size: medium;\"><b>&nbsp;EKONOM\u0130K DURUM:<\/b><\/span><br \/>\n&nbsp;&nbsp;&nbsp;&nbsp;&nbsp;&nbsp;D\u00f6rtdivan \u0130l\u00e7esi \u00f6teden beri tar\u0131mla u\u011fra\u015fan bir y\u00f6re olup, arpa,bu\u011fday,patates yeti\u015ftiricili\u011fi yap\u0131lmaktad\u0131r. Ancak il\u00e7emizde ilk defa 1985 y\u0131l\u0131nda Cemaller k\u00f6y\u00fc t\u00fczel ki\u015fili\u011fine ait 12 dekarl\u0131k bir tarlada patates kist nematodu tespit edilmi\u015f olup, yap\u0131lan saha kontrolleri ve yapt\u0131r\u0131lan toprak tahlilleri sonucu bu hastal\u0131\u011f\u0131n geni\u015f bir b\u00f6lgeye yay\u0131ld\u0131\u011f\u0131 anla\u015f\u0131larak 3500 dekarl\u0131k bir alan i\u00e7 ve d\u0131\u015f karantina alt\u0131na al\u0131narak bu b\u00f6lgelerde patates ekimi yap\u0131lmas\u0131 yasaklanarak bunun yerine \u00e7ift\u00e7ilere alternatif \u00fcr\u00fcn olarak bedelsiz yem bitkisi tohumlu\u011fu da\u011f\u0131t\u0131m\u0131 yap\u0131lm\u0131\u015ft\u0131r.<\/p>\n<p>&nbsp;&nbsp;&nbsp;&nbsp;&nbsp;&nbsp;Yine il\u00e7e ekonomisine katk\u0131da bulunan b\u00fcy\u00fckba\u015f ve k\u00fc\u00e7\u00fckba\u015f hayvanc\u0131l\u0131k da yap\u0131lmaktad\u0131r. Son 18 senedir broiler t\u00fcr\u00fc et tavuk\u00e7ulu\u011fu yap\u0131lmaktad\u0131r. \u0130l\u00e7ede broiler k\u00fcmes adeti 174 olup, y\u0131ll\u0131k toplam kapasitesi 1.700.000\u2019dir. B\u00fcy\u00fckba\u015f hayvan say\u0131s\u0131 7491, k\u00fc\u00e7\u00fckba\u015f hayvan say\u0131s\u0131 6950 adettir. \u0130l\u00e7ede ar\u0131 potansiyeli gittik\u00e7e azalmakta olup, 2002 y\u0131l\u0131 itibariyle il\u00e7e merkezi ve k\u00f6ylerde 850 adet kovan mevcuttur.<\/p>\n<p>&nbsp;&nbsp;&nbsp;&nbsp;&nbsp;&nbsp;\u0130l\u00e7emize ba\u011fl\u0131 10 k\u00f6yde Tar\u0131msal Kalk\u0131nma Kooperatifi ve il\u00e7e merkezinde 1 adet Tar\u0131m Kredi Kooperatifi mevcuttur. Kooperatiflere ba\u011fl\u0131 33 k\u00f6yde 1626 kay\u0131tl\u0131 ortak mevcut olup, \u00e7ift\u00e7imize tohumluk, kimyevi g\u00fcbre, zirai alet, zirai makine, zirai m\u00fccadele ila\u00e7lar\u0131 t\u00fcketim ve pazarlama, akaryak\u0131t ve yedek par\u00e7a, hayvan al\u0131m\u0131 ile nakit para konular\u0131nda yard\u0131m etmektedirler.<\/p>\n<p>&nbsp;&nbsp;&nbsp;&nbsp;&nbsp;&nbsp;\u0130l\u00e7ede 1 adet Merkez Sa\u011fl\u0131k Oca\u011f\u0131 Tabipli\u011fi ve K\u00f6ylerde 9 adet Sa\u011fl\u0131k evi mevcuttur. Sa\u011fl\u0131k hizmetlerini 5 doktor, 1 Sa\u011fl\u0131k memuru, 5 Hem\u015fire, 11 Ebe ve 1 \u015fof\u00f6r ile y\u00fcr\u00fct\u00fclmektedir. \u0130l\u00e7ede 2 adet eczane mevcuttur.<\/p>\n<p>&nbsp;&nbsp;&nbsp;&nbsp;&nbsp;&nbsp;\u0130l\u00e7e halk\u0131 en \u00e7ok ge\u00e7imini ziraat ve hayvanc\u0131l\u0131kla sa\u011flar. Arazinin n\u00fcfusa oranla az olmas\u0131 sebebiyle ba\u015fka ge\u00e7im imkanlar\u0131 arayan halk, \u00e7evre ormanlarda i\u015f\u00e7ilik yapmak ve b\u00fcy\u00fck \u015fehirlerde \u00e7e\u015fitli i\u015flerde \u00e7al\u0131\u015farak ge\u00e7imlerini sa\u011flarlar. D\u00f6rtdivan halk\u0131n\u0131n g\u00f6zle g\u00f6r\u00fcl\u00fcr bir k\u0131sm\u0131 da Avrupa&#8217;da i\u015f\u00e7i olarak \u00e7al\u0131\u015fmaktad\u0131r. Ayr\u0131ca son y\u0131llarda il\u00e7emizde patates ziraati geli\u015fmeye ba\u015flam\u0131\u015ft\u0131r. \u0130l\u00e7ede fabrika yoktur.<\/p>\n<p>&nbsp;<\/p>\n<hr width=\"99%\">\n<p><a name=\"#Halk\"><\/a><\/p>\n<p align=\"justify\"><span style=\"color: darkblue; font-size: medium;\"><b>&nbsp;HALK \u0130L\u0130\u015eK\u0130LER\u0130:<\/b><\/span><br \/>\n&nbsp;&nbsp;&nbsp;&nbsp;&nbsp;&nbsp;\u0130l\u00e7emizde her cuma ve g\u00fcn\u00fc, d\u00f6rtdivan merkezde kurulan pazarlar ile \u00e7evre k\u00f6ylerimizdeki halk\u0131m\u0131z al\u0131\u015f veri\u015f ihtiya\u00e7lar\u0131n\u0131 gidermektedirler. \u00d6nceleri vas\u0131ta say\u0131lar\u0131n\u0131n fazla olmad\u0131\u011f\u0131ndan halk\u0131m\u0131z trakt\u00f6rlerle (servis arac\u0131 \u015feklinde) cuma g\u00fcn\u00fc d\u00f6rtdivan merkeze inerek al\u0131\u015f veri\u015f, meyye, sebze ihtiya\u00e7lar\u0131n\u0131 giderirlerdi. O nedenle her cuma k\u00fc\u00e7\u00fck \u00e7ocuklar i\u00e7in bayram havas\u0131nda ge\u00e7erdi. Zaman i\u00e7inde vas\u0131ta say\u0131s\u0131n\u0131n artamas\u0131 ve d\u00f6rtdivan merkezin geli\u015fmesi al\u0131\u015f veri\u015f merkezlerinin a\u00e7\u0131lmas\u0131yla cuma pazar\u0131n\u0131n eski etkinli\u011fi fazla kalmam\u0131\u015ft\u0131r.<\/p>\n<p>&nbsp;&nbsp;&nbsp;&nbsp;&nbsp;&nbsp; Ayr\u0131ca bizim k\u00fc\u00e7\u00fckl\u00fc\u011f\u00fcm\u00fczde k\u00f6y k\u00f6y dola\u015fan &#8220;\u00c7EDD\u00dcK&#8221;ad\u0131 verilen seyyar bakkallar vard\u0131. Halk\u0131m\u0131z ihtiya\u00e7lar\u0131n\u0131 buradanda kar\u015f\u0131layabilirlerdi.<\/p>\n<p>&nbsp;&nbsp;&nbsp;&nbsp;&nbsp;&nbsp;Bunlarla birlikte \u0130l\u00e7emiz panay\u0131rlar\u0131 (Mayha) ile de me\u015fhurdur. Panay\u0131r denince \u00e7o\u011fumuzun akl\u0131na k\u00f6fter, cevizli helva &#8220;baz\u0131lar\u0131 buna \u015fak \u015fak helvas\u0131 da der&#8221; ve kaz etleri gelir. \u0130l\u00e7emizde \u0130l enc\u00fcmen meclisi taraf\u0131nda karalar\u0131 al\u0131narak y\u0131lda 2 defa ve Eyl\u00fcl ay\u0131 i\u00e7erisinde olmak \u00fczere birer g\u00fcnl\u00fck aralar ile cuma g\u00fcnleri panay\u0131r kurulur. Panay\u0131rlarda cuma pazarlar\u0131ndan farkl\u0131 olarak e\u011flence ama\u00e7l\u0131 luna park ara\u00e7lar\u0131da (atl\u0131 kar\u0131nca, d\u00f6nme dolap gibi) il\u00e7emize getirilir. Panay\u0131rla il\u00e7e ya\u015fant\u0131s\u0131na b\u00fcy\u00fck canl\u0131l\u0131klar getirir.<\/p>\n<p>&nbsp;&nbsp;&nbsp;&nbsp;&nbsp;&nbsp;\u0130l\u00e7emizdeki gibi \u00e7evre il\u00e7elerdede (Yeni\u00e7a\u011fa, Gerede) bizim panay\u0131rlar\u0131 takiben panay\u0131rlar yap\u0131lmaktad\u0131r. D\u00f6rtdivan panay\u0131r\u0131ndan sonra di\u011fer il\u00e7elerde de iki defa olmak \u00fczere panay\u0131rlar kurulur.D\u00f6rtdivanda kurulan ilk panay\u0131rdan sonra ikincisi olan son panay\u0131r ise 15 g\u00fcn sonra tekrarlan\u0131r.<\/p>\n<p>&nbsp;<\/p>\n<hr width=\"99%\">\n<p><a name=\"#sosyal\"><\/a><\/p>\n<p align=\"justify\"><span style=\"color: darkblue; font-size: medium;\"><b>&nbsp;SOSYAL DURUM :<\/b><\/span><br \/>\n&nbsp;&nbsp;&nbsp;&nbsp;&nbsp;&nbsp;\u0130l\u00e7e halk\u0131 genelde T\u00fcrkmen\u2019dir. Aralar\u0131ndaki her t\u00fcrl\u00fc sosyal ili\u015fkiler \u00e7ok canl\u0131 ve s\u0131k\u0131 bir ba\u011fl\u0131l\u0131k arz etmektedir. \u00d6rne\u011fin; gerek il\u00e7e merkezinde gerekse k\u00f6ylerde yap\u0131lan d\u00fc\u011f\u00fcn, ni\u015fan ve cenaze t\u00f6renleri \u00e7ok b\u00fcy\u00fck bir kalabal\u0131kla yap\u0131lmaktad\u0131r. \u0130l\u00e7e halk\u0131n\u0131n \u00e7o\u011fu k\u00f6ylerde oturmakta olup, tar\u0131m,orman ve hayvanc\u0131l\u0131kla u\u011fra\u015fmaktad\u0131r.<\/p>\n<p>&nbsp;<\/p>\n<hr width=\"99%\">\n<p><a name=\"#Egitim\"><\/a><\/p>\n<p align=\"justify\"><span style=\"color: darkblue; font-size: medium;\"><b>&nbsp;E\u011e\u0130T\u0130M VE K\u00dcLT\u00dcR:<\/b><\/span><br \/>\n&nbsp;&nbsp;&nbsp;&nbsp;&nbsp;&nbsp;Kastamonu Salnamesi\u2019nden edinilen bilgilere g\u00f6re 1700 y\u0131l\u0131nda yap\u0131l\u0131p, I.Cihan sava\u015f\u0131na kadar Tedrisata devam eden Gerede ve D\u00f6rtdivan Medreselerinin oldu\u011fu haber verilmektedir. Bu medreselerde b\u00fcy\u00fck alimler yeti\u015fmi\u015ftir. D\u00f6rtdivan \u0130l\u00e7esinde ibtidaiyye mektebi (1909) y\u0131l\u0131nda merkezde, 1909\u2019da Do\u011fanc\u0131lar, 1926\u2019da Cemaller ve Ortak\u00f6y de \u00f6\u011fretime ba\u015flam\u0131\u015ft\u0131r.Ayr\u0131ca D\u00f6rtdivan da 1968 y\u0131l\u0131nda orta \u00f6\u011fretime ge\u00e7ilmi\u015f olup, bunun yan\u0131nda 1989 y\u0131l\u0131nda ise lise \u00f6\u011frenimi ba\u015flam\u0131\u015ft\u0131r.<\/p>\n<p>&nbsp;&nbsp;&nbsp;&nbsp;&nbsp;&nbsp;(\u00d6rg\u00fcn E\u011fitim Kurumlar\u0131n\u0131n toplam okul say\u0131s\u0131 7, toplam derslik say\u0131s\u0131 70, toplam \u00f6\u011frenci say\u0131lar\u0131 1317, toplam \u00f6\u011fretmen say\u0131lar\u0131 ise 64\u2019t\u00fcr.) Ta\u015f\u0131mal\u0131 \u00f6\u011fretim durumu ise 4 adet ta\u015f\u0131ma merkezine 39 yerle\u015fim biriminden 650 \u00f6\u011frenci 4 ara\u00e7la ta\u015f\u0131nmakta olup, ta\u015f\u0131nan \u00f6\u011frencilere \u0130l\u00e7e Sosyal Yard\u0131mla\u015fma ve Dayan\u0131\u015fma Vakf\u0131nca \u00f6\u011fle yeme\u011fi verilmektedir. \u0130l\u00e7ede 8 y\u0131ll\u0131k ilk\u00f6\u011fretim uygulamas\u0131 ba\u015far\u0131l\u0131 bir \u015fekilde devam etmektedir.<\/p>\n<p>&nbsp;&nbsp;&nbsp;&nbsp;&nbsp;&nbsp;\u0130l\u00e7e Halk E\u011fitim Merkezi faaliyetlerine 1992-1993 y\u0131l\u0131nda ba\u015flanm\u0131\u015ft\u0131r. G\u00fcn\u00fcm\u00fcze kadar hal\u0131c\u0131l\u0131k,nak\u0131\u015f,giyim,boyala ve bilgisayar dal\u0131nda kurslar a\u00e7\u0131larak faaliyetlerini s\u00fcrd\u00fcrm\u00fc\u015ft\u00fcr. Ayr\u0131ca Halk E\u011fitim b\u00fcnyesinde \u00c7ok Ama\u00e7l\u0131 Lisenin at\u00f6lyesinde hizmetini devam ettirmekte olan D\u00f6ner Sermayeli A\u011fa\u00e7 \u0130\u015fleri At\u00f6lyesi faaliyetlerini s\u00fcrd\u00fcrmektedir. \u015eu anda i\u015f olmad\u0131\u011f\u0131ndan faaliyet yoktur. \u0130\u015f al\u0131nmas\u0131 durumunda faaliyetlerine devam edecektir. 2001-2002 \u00f6\u011fretim y\u0131l\u0131nda il\u00e7emizde metal,nak\u0131\u015f,anne ve \u00e7ocuk e\u011fitimi kurslar\u0131 a\u00e7\u0131lm\u0131\u015f olup, bu kurslardan metal kursunda 16 erkek, nak\u0131\u015f kursunda 20 kad\u0131n, anne ve \u00e7ocuk e\u011fitimi kursunda da 12 kad\u0131n kursiyer kurs g\u00f6rm\u00fc\u015ft\u00fcr.<\/p>\n<p>&nbsp;&nbsp;&nbsp;&nbsp;&nbsp;&nbsp;\u0130l\u00e7emizde bas\u0131mevi,sinema,tiyatro yoktur.Zaman zaman genel idarenin d\u00fczenledi\u011fi sportif faaliyetler yap\u0131lmaktad\u0131r.<\/p>\n<p>&nbsp;<\/p>\n<hr width=\"99%\">\n<p><a name=\"#Mahalli\"><\/a><\/p>\n<p align=\"justify\"><span style=\"color: darkblue; font-size: medium;\"><b>&nbsp; MAHALL\u0130 DURUM :<\/b><\/span><\/p>\n<p>&nbsp;&nbsp;&nbsp;&nbsp;&nbsp;&nbsp;\u0130l\u00e7ede Merkez Belediyesinden ba\u015fka bir ba\u011fl\u0131 belediye mevcut olmay\u0131p, belediye 1962 y\u0131l\u0131nda kurulmu\u015ftur. \u015eu anda yeni yap\u0131lan 5 katl\u0131 hizmet binas\u0131nda hizmet vermektedir.Belediyenin 2002 y\u0131l\u0131 B\u00fct\u00e7esi 380 Milyar Lirad\u0131r. Belediyede 7 adet memur, 2 adet kadrolu i\u015f\u00e7i ile 16 adette mevsimlik i\u015f\u00e7i \u00e7al\u0131\u015fmaktad\u0131r. Belediyenin imar planl\u0131 mevcuttur.<\/p>\n<p>&nbsp;&nbsp;&nbsp;&nbsp;&nbsp;&nbsp;Belediye il\u00e7e merkezindeki altyap\u0131 hizmetlerinin b\u00fcy\u00fck bir k\u0131sm\u0131n\u0131 bitirmi\u015f olup, \u015fehir \u015febeke suyunu da tamamlam\u0131\u015ft\u0131r. \u0130l\u00e7enin \u015fu anda sorunun yoktur. Kanalizasyon \u015febekesinin ise b\u00fcy\u00fck k\u0131sm\u0131 bitmi\u015f ve geriye k\u0131s\u0131mda devam etmektedir. Biten k\u0131s\u0131m %95\u2019dir.<\/p>\n<p>&nbsp;&nbsp;&nbsp;&nbsp;&nbsp;&nbsp;\u0130l\u00e7eye ba\u011fl\u0131 30 k\u00f6y bulunmakta olup, hepsinin de il\u00e7eyle yol ba\u011flant\u0131s\u0131 mevcut ve ula\u015f\u0131m\u0131 kolayd\u0131r. K\u00f6ylerde toplam 46 Camii bulunmaktad\u0131r. \u0130l\u00e7e halk\u0131n\u0131n dini \u0130slam olup, Hanefi mezhebi\u2019ndendir.<\/p>\n<p>&nbsp;<\/p>\n<p><center><br \/>\n<script type=\"text\/javascript\"><!-- google_ad_client = \"pub-4343867625425581\"; google_ad_width = 468; google_ad_height = 15; google_ad_format = \"468x15_0ads_al\"; google_ad_channel = \"\"; google_color_border = \"F8f4e0\"; google_color_bg = \"F8f4e0\"; google_color_link = \"0000FF\"; google_color_text = \"000000\"; google_color_url = \"008000\"; \/\/--><\/script><br \/>\n<script type=\"text\/javascript\" src=\"http:\/\/pagead2.googlesyndication.com\/pagead\/show_ads.js\">\n<\/script><\/center><\/p>\n<hr width=\"99%\">\n<p><a name=\"#Guvenlik\"><\/a><\/p>\n<p align=\"justify\"><span style=\"color: darkblue; font-size: medium;\"><b>&nbsp;ASAY\u0130\u015e ve G\u00dcVENL\u0130K :<\/b><\/span><\/p>\n<p>&nbsp;&nbsp;&nbsp;&nbsp;&nbsp;&nbsp;\u0130l\u00e7ede asayi\u015f ve g\u00fcvenlik Jandarma Komutanl\u0131\u011f\u0131 ile Emniyet Amirli\u011fi taraf\u0131ndan sa\u011flanmaktad\u0131r. Asayi\u015f ve g\u00fcvenlikten sorumlu \u0130l\u00e7e Jandarma Komutanl\u0131\u011f\u0131 ile \u0130l\u00e7e Emniyet Amirli\u011finin ihtiya\u00e7 ve sorunlar\u0131 olmay\u0131p, sorumluluk b\u00f6lgelerinde kamu d\u00fczenini korumakta, vatanda\u015flar\u0131n can ve mal g\u00fcvenli\u011fini sa\u011flamaktad\u0131rlar.<\/p>\n<p>&nbsp;<\/p>\n<hr width=\"99%\">\n<p><a name=\"#idari\"><\/a><\/p>\n<p align=\"justify\"><span style=\"color: darkblue; font-size: medium;\"><b>&nbsp;\u0130DAR\u0130 DURUM:<\/b><\/span><br \/>\n&nbsp;&nbsp;&nbsp;&nbsp;&nbsp;&nbsp;\u0130l\u00e7e merkezi \u00c7avu\u015flar ve Kad\u0131lar Mahallesi ad\u0131yla iki mahalleden olu\u015fur. Ayr\u0131ca il\u00e7e merkezine ba\u011fl\u0131 30 k\u00f6y bulunmaktad\u0131r. K\u00f6ylerin ba\u011fl\u0131 say\u0131s\u0131 ise 15\u2019dir. \u0130l\u00e7e Merkezi ve k\u00f6ylerin \u00e7ok d\u00fcz bir alana yerle\u015fmesi ve birbirleri ile il\u00e7e merkezine \u00e7ok yak\u0131n olmas\u0131 nedeniyle ula\u015f\u0131m mevcut asfalt ve stabilize yollarla rahatl\u0131kla sa\u011flanmaktad\u0131r. Devlet y\u00f6netimi ile il\u00e7e halk\u0131 aras\u0131ndaki ili\u015fkiler son derece iyidir. \u0130l\u00e7e halk\u0131 son derece devlete ba\u011fl\u0131 ve yasalara sayg\u0131l\u0131d\u0131r. Bu nedenle idari bir g\u00fc\u00e7l\u00fck \u00e7ekilmemektedir.<\/p>\n<p>&nbsp;<\/p>\n<p><center><br \/>\n<script type=\"text\/javascript\"><!-- google_ad_client = \"pub-4343867625425581\"; google_ad_width = 468; google_ad_height = 15; google_ad_format = \"468x15_0ads_al\"; google_ad_channel = \"\"; google_color_border = \"F8f4e0\"; google_color_bg = \"F8f4e0\"; google_color_link = \"0000FF\"; google_color_text = \"000000\"; google_color_url = \"008000\"; \/\/--><\/script><br \/>\n<script type=\"text\/javascript\" src=\"http:\/\/pagead2.googlesyndication.com\/pagead\/show_ads.js\">\n<\/script><\/center><\/p>\n<hr width=\"99%\">\n<p><a name=\"#Ulasim\"><\/a><\/p>\n<p align=\"justify\"><span style=\"color: darkblue; font-size: medium;\"><b>&nbsp;ULA\u015eIM VE KONAKLAMA:<\/b><\/span><br \/>\n<img decoding=\"async\" src=\"images\/ky.jpg\">\u0130l\u00e7emiz Ankara-\u0130stanbul E-90 karayolu \u00fczerinde olup kara ula\u015f\u0131m\u0131 i\u00e7in olduk\u00e7a kolay bir yerdedir. Ankara&#8217;dan 156. km de. Bolu&#8217;ya 42 km, kom\u015fu oldu\u011fu Gerede il\u00e7esine 14 km. Yeni\u00e7a\u011fa il\u00e7esine ise 7 km. mesafededir.<\/p>\n","protected":false},"excerpt":{"rendered":"<p>&nbsp; &nbsp;TANITIM: &nbsp;&nbsp;&nbsp;&nbsp;&nbsp;&nbsp;\u0130l\u00e7emiz Karadeniz bolgesinin Bati karadeniz kesiminin \u015firin ili Bolu ili hudutlar\u0131 i\u00e7erisindedir. &nbsp;&nbsp;&nbsp;&nbsp;&nbsp;&nbsp;Bolu topraklar\u0131n\u0131n do\u011fu k\u0131sm\u0131n\u0131 kaplayan D\u00f6rtdivan \u0130l\u00e7esi, daha \u00f6nceleri Gerede \u0130l\u00e7esinin bir nahiyesi idi. G\u00fcneyden Ankara&#8217;n\u0131n \u00c7aml\u0131dere \u0130l\u00e7esi, do\u011fudan Gerede \u0130l\u00e7esi, Kuzeyden Yeni\u00e7a\u011fa \u0130l\u00e7esi, Bat\u0131dan Bolu Merkezi, g\u00fcneybat\u0131dan K\u0131br\u0131s\u00e7\u0131k \u0130l\u00e7esi ile kom\u015fu ve s\u0131n\u0131rl\u0131d\u0131r. D\u00f6rtdivan \u0130l\u00e7e merkezinin yerle\u015fim alan\u0131 6.278 d\u00f6n\u00fcm, k\u00f6yleri ile birlikte y\u00fcz\u00f6l\u00e7\u00fcm\u00fc ise 79.268 (284 km2)d\u00f6n\u00fcmd\u00fcr. \u0130l\u00e7enin rak\u0131m\u0131 1167 m.dir. &nbsp;&nbsp;&nbsp;&nbsp;&nbsp;&nbsp;Kuzey Anadolu S\u0131rada\u011flar\u0131, Ilgaz Tepesinden bat\u0131ya do\u011fru ikiye ayr\u0131larak uzan\u0131rlar. Bu s\u0131rada\u011flar\u0131n g\u00fcney kolu il\u00e7enin g\u00fcneyinde Ankara ile D\u00f6rtdivan tabii s\u0131n\u0131r\u0131n\u0131 \u00e7izer. Do\u011fu <\/p>\n","protected":false},"author":1,"featured_media":0,"parent":0,"menu_order":0,"comment_status":"closed","ping_status":"closed","template":"templates\/organic-custom-template.php","meta":{"ngg_post_thumbnail":0,"footnotes":""},"class_list":["post-290","page","type-page","status-publish","hentry"],"yoast_head":"<!-- This site is optimized with the Yoast SEO plugin v19.3 - https:\/\/yoast.com\/wordpress\/plugins\/seo\/ -->\r\n<title>Tan\u0131t\u0131m - Dortdivan.Net<\/title>\r\n<meta name=\"robots\" content=\"index, follow, max-snippet:-1, max-image-preview:large, max-video-preview:-1\" \/>\r\n<link rel=\"canonical\" href=\"https:\/\/dortdivan.net\/?page_id=290\" \/>\r\n<meta property=\"og:locale\" content=\"tr_TR\" \/>\r\n<meta property=\"og:type\" content=\"article\" \/>\r\n<meta property=\"og:title\" content=\"Tan\u0131t\u0131m - Dortdivan.Net\" \/>\r\n<meta property=\"og:description\" content=\"&nbsp; &nbsp;TANITIM: &nbsp;&nbsp;&nbsp;&nbsp;&nbsp;&nbsp;\u0130l\u00e7emiz Karadeniz bolgesinin Bati karadeniz kesiminin \u015firin ili Bolu ili hudutlar\u0131 i\u00e7erisindedir. &nbsp;&nbsp;&nbsp;&nbsp;&nbsp;&nbsp;Bolu topraklar\u0131n\u0131n do\u011fu k\u0131sm\u0131n\u0131 kaplayan D\u00f6rtdivan \u0130l\u00e7esi, daha \u00f6nceleri Gerede \u0130l\u00e7esinin bir nahiyesi idi. G\u00fcneyden Ankara&#8217;n\u0131n \u00c7aml\u0131dere \u0130l\u00e7esi, do\u011fudan Gerede \u0130l\u00e7esi, Kuzeyden Yeni\u00e7a\u011fa \u0130l\u00e7esi, Bat\u0131dan Bolu Merkezi, g\u00fcneybat\u0131dan K\u0131br\u0131s\u00e7\u0131k \u0130l\u00e7esi ile kom\u015fu ve s\u0131n\u0131rl\u0131d\u0131r. D\u00f6rtdivan \u0130l\u00e7e merkezinin yerle\u015fim alan\u0131 6.278 d\u00f6n\u00fcm, k\u00f6yleri ile birlikte y\u00fcz\u00f6l\u00e7\u00fcm\u00fc ise 79.268 (284 km2)d\u00f6n\u00fcmd\u00fcr. \u0130l\u00e7enin rak\u0131m\u0131 1167 m.dir. &nbsp;&nbsp;&nbsp;&nbsp;&nbsp;&nbsp;Kuzey Anadolu S\u0131rada\u011flar\u0131, Ilgaz Tepesinden bat\u0131ya do\u011fru ikiye ayr\u0131larak uzan\u0131rlar. Bu s\u0131rada\u011flar\u0131n g\u00fcney kolu il\u00e7enin g\u00fcneyinde Ankara ile D\u00f6rtdivan tabii s\u0131n\u0131r\u0131n\u0131 \u00e7izer. Do\u011fu\" \/>\r\n<meta property=\"og:url\" content=\"https:\/\/dortdivan.net\/?page_id=290\" \/>\r\n<meta property=\"og:site_name\" content=\"Dortdivan.Net\" \/>\r\n<meta property=\"article:modified_time\" content=\"2022-07-27T14:30:26+00:00\" \/>\r\n<meta name=\"twitter:card\" content=\"summary_large_image\" \/>\r\n<meta name=\"twitter:label1\" content=\"Tahmini okuma s\u00fcresi\" \/>\n\t<meta name=\"twitter:data1\" content=\"11 dakika\" \/>\r\n<script type=\"application\/ld+json\" class=\"yoast-schema-graph\">{\"@context\":\"https:\/\/schema.org\",\"@graph\":[{\"@type\":\"WebSite\",\"@id\":\"https:\/\/dortdivan.net\/#website\",\"url\":\"https:\/\/dortdivan.net\/\",\"name\":\"Dortdivan.Net\",\"description\":\"G\u00fczel \u0130l\u00e7em...\",\"potentialAction\":[{\"@type\":\"SearchAction\",\"target\":{\"@type\":\"EntryPoint\",\"urlTemplate\":\"https:\/\/dortdivan.net\/?s={search_term_string}\"},\"query-input\":\"required name=search_term_string\"}],\"inLanguage\":\"tr\"},{\"@type\":\"WebPage\",\"@id\":\"https:\/\/dortdivan.net\/?page_id=290\",\"url\":\"https:\/\/dortdivan.net\/?page_id=290\",\"name\":\"Tan\u0131t\u0131m - Dortdivan.Net\",\"isPartOf\":{\"@id\":\"https:\/\/dortdivan.net\/#website\"},\"datePublished\":\"2022-07-27T14:23:06+00:00\",\"dateModified\":\"2022-07-27T14:30:26+00:00\",\"breadcrumb\":{\"@id\":\"https:\/\/dortdivan.net\/?page_id=290#breadcrumb\"},\"inLanguage\":\"tr\",\"potentialAction\":[{\"@type\":\"ReadAction\",\"target\":[\"https:\/\/dortdivan.net\/?page_id=290\"]}]},{\"@type\":\"BreadcrumbList\",\"@id\":\"https:\/\/dortdivan.net\/?page_id=290#breadcrumb\",\"itemListElement\":[{\"@type\":\"ListItem\",\"position\":1,\"name\":\"Anasayfa\",\"item\":\"https:\/\/dortdivan.net\/\"},{\"@type\":\"ListItem\",\"position\":2,\"name\":\"Tan\u0131t\u0131m\"}]}]}<\/script>\r\n<!-- \/ Yoast SEO plugin. -->","yoast_head_json":{"title":"Tan\u0131t\u0131m - Dortdivan.Net","robots":{"index":"index","follow":"follow","max-snippet":"max-snippet:-1","max-image-preview":"max-image-preview:large","max-video-preview":"max-video-preview:-1"},"canonical":"https:\/\/dortdivan.net\/?page_id=290","og_locale":"tr_TR","og_type":"article","og_title":"Tan\u0131t\u0131m - Dortdivan.Net","og_description":"&nbsp; &nbsp;TANITIM: &nbsp;&nbsp;&nbsp;&nbsp;&nbsp;&nbsp;\u0130l\u00e7emiz Karadeniz bolgesinin Bati karadeniz kesiminin \u015firin ili Bolu ili hudutlar\u0131 i\u00e7erisindedir. &nbsp;&nbsp;&nbsp;&nbsp;&nbsp;&nbsp;Bolu topraklar\u0131n\u0131n do\u011fu k\u0131sm\u0131n\u0131 kaplayan D\u00f6rtdivan \u0130l\u00e7esi, daha \u00f6nceleri Gerede \u0130l\u00e7esinin bir nahiyesi idi. G\u00fcneyden Ankara&#8217;n\u0131n \u00c7aml\u0131dere \u0130l\u00e7esi, do\u011fudan Gerede \u0130l\u00e7esi, Kuzeyden Yeni\u00e7a\u011fa \u0130l\u00e7esi, Bat\u0131dan Bolu Merkezi, g\u00fcneybat\u0131dan K\u0131br\u0131s\u00e7\u0131k \u0130l\u00e7esi ile kom\u015fu ve s\u0131n\u0131rl\u0131d\u0131r. D\u00f6rtdivan \u0130l\u00e7e merkezinin yerle\u015fim alan\u0131 6.278 d\u00f6n\u00fcm, k\u00f6yleri ile birlikte y\u00fcz\u00f6l\u00e7\u00fcm\u00fc ise 79.268 (284 km2)d\u00f6n\u00fcmd\u00fcr. \u0130l\u00e7enin rak\u0131m\u0131 1167 m.dir. &nbsp;&nbsp;&nbsp;&nbsp;&nbsp;&nbsp;Kuzey Anadolu S\u0131rada\u011flar\u0131, Ilgaz Tepesinden bat\u0131ya do\u011fru ikiye ayr\u0131larak uzan\u0131rlar. Bu s\u0131rada\u011flar\u0131n g\u00fcney kolu il\u00e7enin g\u00fcneyinde Ankara ile D\u00f6rtdivan tabii s\u0131n\u0131r\u0131n\u0131 \u00e7izer. Do\u011fu","og_url":"https:\/\/dortdivan.net\/?page_id=290","og_site_name":"Dortdivan.Net","article_modified_time":"2022-07-27T14:30:26+00:00","twitter_card":"summary_large_image","twitter_misc":{"Tahmini okuma s\u00fcresi":"11 dakika"},"schema":{"@context":"https:\/\/schema.org","@graph":[{"@type":"WebSite","@id":"https:\/\/dortdivan.net\/#website","url":"https:\/\/dortdivan.net\/","name":"Dortdivan.Net","description":"G\u00fczel \u0130l\u00e7em...","potentialAction":[{"@type":"SearchAction","target":{"@type":"EntryPoint","urlTemplate":"https:\/\/dortdivan.net\/?s={search_term_string}"},"query-input":"required name=search_term_string"}],"inLanguage":"tr"},{"@type":"WebPage","@id":"https:\/\/dortdivan.net\/?page_id=290","url":"https:\/\/dortdivan.net\/?page_id=290","name":"Tan\u0131t\u0131m - Dortdivan.Net","isPartOf":{"@id":"https:\/\/dortdivan.net\/#website"},"datePublished":"2022-07-27T14:23:06+00:00","dateModified":"2022-07-27T14:30:26+00:00","breadcrumb":{"@id":"https:\/\/dortdivan.net\/?page_id=290#breadcrumb"},"inLanguage":"tr","potentialAction":[{"@type":"ReadAction","target":["https:\/\/dortdivan.net\/?page_id=290"]}]},{"@type":"BreadcrumbList","@id":"https:\/\/dortdivan.net\/?page_id=290#breadcrumb","itemListElement":[{"@type":"ListItem","position":1,"name":"Anasayfa","item":"https:\/\/dortdivan.net\/"},{"@type":"ListItem","position":2,"name":"Tan\u0131t\u0131m"}]}]}},"_links":{"self":[{"href":"https:\/\/dortdivan.net\/index.php?rest_route=\/wp\/v2\/pages\/290","targetHints":{"allow":["GET"]}}],"collection":[{"href":"https:\/\/dortdivan.net\/index.php?rest_route=\/wp\/v2\/pages"}],"about":[{"href":"https:\/\/dortdivan.net\/index.php?rest_route=\/wp\/v2\/types\/page"}],"author":[{"embeddable":true,"href":"https:\/\/dortdivan.net\/index.php?rest_route=\/wp\/v2\/users\/1"}],"replies":[{"embeddable":true,"href":"https:\/\/dortdivan.net\/index.php?rest_route=%2Fwp%2Fv2%2Fcomments&post=290"}],"version-history":[{"count":1,"href":"https:\/\/dortdivan.net\/index.php?rest_route=\/wp\/v2\/pages\/290\/revisions"}],"predecessor-version":[{"id":293,"href":"https:\/\/dortdivan.net\/index.php?rest_route=\/wp\/v2\/pages\/290\/revisions\/293"}],"wp:attachment":[{"href":"https:\/\/dortdivan.net\/index.php?rest_route=%2Fwp%2Fv2%2Fmedia&parent=290"}],"curies":[{"name":"wp","href":"https:\/\/api.w.org\/{rel}","templated":true}]}}