{"id":299,"date":"2022-07-27T18:06:05","date_gmt":"2022-07-27T15:06:05","guid":{"rendered":"https:\/\/dortdivan.net\/?page_id=299"},"modified":"2022-07-27T19:01:14","modified_gmt":"2022-07-27T16:01:14","slug":"ummi-kemal-hazretleri-k-s","status":"publish","type":"page","link":"https:\/\/dortdivan.net\/?page_id=299","title":{"rendered":"\u00dcmmi Kemal Hazretleri (k.s.)"},"content":{"rendered":"<p><!DOCTYPE html><br \/>\n<html lang=\"en\"><br \/>\n <head><br \/>\n  <meta charset=\"UTF-8\"><br \/>\n  <meta name=\"Generator\" content=\"EditPlus\u00ae\"><br \/>\n  <meta name=\"Author\" content=\"\"><br \/>\n  <meta name=\"Keywords\" content=\"\"><br \/>\n  <meta name=\"Description\" content=\"\"><br \/>\n  <title>Document<\/title><br \/>\n <\/head><\/p>\n<style>\n<p>body{   \n    margin:0; \n }\ntable, th, td {\nvertical-align: top;\n  border: 2px solid black;\npadding-top: 10px;\n  padding-bottom: 20px;\n  padding-left: 30px;\n  padding-right: 40px;\n}\ntable {\n  border-spacing: 30px;\n}<\/p>\n<\/style>\n<p><center><\/p>\n<table style=\"width:98%\" justify=\"center\" bgcolor=\"#f8f4e0\" valign=\"top\">\n<tr>\n<td>\n<center><\/p>\n<table bgcolor =\"white\" border=\"1\" cellpadding=\"0\" cellspacing=\"0\" width=\"600\" bordercolor=\"darkred\">\n<tr>\n<td height=\"22\" >\n<p align=\"center\"><b><font color=\"darkblue\" face=\"Monotype Corsiva\" size=6><b>\u00dcMM\u0130 KEMAL HAZRETLER\u0130<\/font><\/b><\/td>\n<\/tr>\n<\/table>\n<p><\/center><\/p>\n<hr width=\"510\">\n\n\n<div class=\"ngg-galleryoverview ngg-slideshow\"\n\t id=\"ngg-slideshow-c8d2ac8a34fcef94332649e487c23daf-10621636730\"\n     data-gallery-id=\"c8d2ac8a34fcef94332649e487c23daf\"\n     style=\"max-width: 750px; max-height: 500px;\">\n\n \t<div id=\"ngg-image-0\" class=\"ngg-gallery-slideshow-image\" style=\"height:500px\">\n\n        <a href=\"https:\/\/dortdivan.net\/wp-content\/gallery\/ukem\/umkem.jpg\"\n           title=\"\"\n           data-src=\"https:\/\/dortdivan.net\/wp-content\/gallery\/ukem\/umkem.jpg\"\n           data-thumbnail=\"https:\/\/dortdivan.net\/wp-content\/gallery\/ukem\/thumbs\/thumbs_umkem.jpg\"\n           data-image-id=\"178\"\n           data-title=\"umkem\"\n           data-description=\"\"\n           class=\"ngg-simplelightbox\" rel=\"c8d2ac8a34fcef94332649e487c23daf\">\n\n            <img data-image-id='178'\n                 title=\"\"\n                 alt=\"umkem\"\n                 src=\"https:\/\/dortdivan.net\/wp-content\/gallery\/ukem\/umkem.jpg\"\n                 style=\"max-height: 480px;\"\/>\n        <\/a>\n\n        <\/div> \n<div id=\"ngg-image-1\" class=\"ngg-gallery-slideshow-image\" style=\"height:500px\">\n\n        <a href=\"https:\/\/dortdivan.net\/wp-content\/gallery\/ukem\/umkem1.jpg\"\n           title=\"\"\n           data-src=\"https:\/\/dortdivan.net\/wp-content\/gallery\/ukem\/umkem1.jpg\"\n           data-thumbnail=\"https:\/\/dortdivan.net\/wp-content\/gallery\/ukem\/thumbs\/thumbs_umkem1.jpg\"\n           data-image-id=\"179\"\n           data-title=\"umkem1\"\n           data-description=\"\"\n           class=\"ngg-simplelightbox\" rel=\"c8d2ac8a34fcef94332649e487c23daf\">\n\n            <img data-image-id='179'\n                 title=\"\"\n                 alt=\"umkem1\"\n                 src=\"https:\/\/dortdivan.net\/wp-content\/gallery\/ukem\/umkem1.jpg\"\n                 style=\"max-height: 480px;\"\/>\n        <\/a>\n\n        <\/div> \n<div id=\"ngg-image-2\" class=\"ngg-gallery-slideshow-image\" style=\"height:500px\">\n\n        <a href=\"https:\/\/dortdivan.net\/wp-content\/gallery\/ukem\/umkem2.jpg\"\n           title=\"\"\n           data-src=\"https:\/\/dortdivan.net\/wp-content\/gallery\/ukem\/umkem2.jpg\"\n           data-thumbnail=\"https:\/\/dortdivan.net\/wp-content\/gallery\/ukem\/thumbs\/thumbs_umkem2.jpg\"\n           data-image-id=\"180\"\n           data-title=\"umkem2\"\n           data-description=\"\"\n           class=\"ngg-simplelightbox\" rel=\"c8d2ac8a34fcef94332649e487c23daf\">\n\n            <img data-image-id='180'\n                 title=\"\"\n                 alt=\"umkem2\"\n                 src=\"https:\/\/dortdivan.net\/wp-content\/gallery\/ukem\/umkem2.jpg\"\n                 style=\"max-height: 480px;\"\/>\n        <\/a>\n\n        <\/div> \n<div id=\"ngg-image-3\" class=\"ngg-gallery-slideshow-image\" style=\"height:500px\">\n\n        <a href=\"https:\/\/dortdivan.net\/wp-content\/gallery\/ukem\/umkem3.jpg\"\n           title=\"\"\n           data-src=\"https:\/\/dortdivan.net\/wp-content\/gallery\/ukem\/umkem3.jpg\"\n           data-thumbnail=\"https:\/\/dortdivan.net\/wp-content\/gallery\/ukem\/thumbs\/thumbs_umkem3.jpg\"\n           data-image-id=\"181\"\n           data-title=\"umkem3\"\n           data-description=\"\"\n           class=\"ngg-simplelightbox\" rel=\"c8d2ac8a34fcef94332649e487c23daf\">\n\n            <img data-image-id='181'\n                 title=\"\"\n                 alt=\"umkem3\"\n                 src=\"https:\/\/dortdivan.net\/wp-content\/gallery\/ukem\/umkem3.jpg\"\n                 style=\"max-height: 480px;\"\/>\n        <\/a>\n\n        <\/div> \n<\/div>\n\n\n\n<\/p>\n<p><Font face=\"Book Antiqua\" size=\"3\" color=\"black\"><br \/>\n&nbsp;&nbsp;&nbsp;&nbsp;&nbsp;&nbsp;Anadolu velilerinden, \u015fair. As\u0131l ad\u0131 \u0130smail&#8217;dir. \u00dcmmi lakab\u0131yla me\u015fhur olmu\u015ftur.<\/span><\/p>\n<p>&nbsp;&nbsp;&nbsp;&nbsp;&nbsp;&nbsp;\u00dcmmi Kemal Hazretlerinin t\u00fcrbesi Bolu ili merkez Tekke-I\u015f\u0131klar k\u00f6y\u00fcndedir. Halk kendisinin ziyaret edili\u015f sebebini &#8220;evliya oldu\u011fu&#8221; \u015feklinde izah etmektedir.<\/p>\n<p>&nbsp;&nbsp;&nbsp;&nbsp;&nbsp;&nbsp;Ziyaret edenler herhangi bir ta\u015fk\u0131nl\u0131\u011fa yol a\u00e7maz, Kur&#8217;an-\u0131 Kerim okur, Allah&#8217;a duada bulunurlar. Hery\u0131l yaz aylar\u0131nda belirli bir g\u00fcn k\u00f6yl\u00fclerce toplu halde yemekli mevl\u00fct okutulur.<\/p>\n<p>&nbsp;&nbsp;&nbsp;&nbsp;&nbsp;&nbsp;Anlat\u0131ya g\u00f6re, \u00dcmmi Kemal Hazretlerinin \u015f\u00f6hretini duyan II Mehmet \u015eehzadeliyi d\u00f6neminde Hazreti denemek ister. Canl\u0131 bir askeri tabuta koyarlar \u00dcmmi Kemal&#8217;e &#8220;cenazemiz var, bunun namaz\u0131n\u0131 kald\u0131r\u0131r m\u0131s\u0131n&#8221; diye ricada bulunurlar.<\/p>\n<p>&nbsp;&nbsp;&nbsp;&nbsp;&nbsp;&nbsp;\u00dcmmi Kemal Hz. namaza ba\u015flayaca\u011f\u0131 zaman, &#8220;sultan\u0131m cenazenin niyetini canl\u0131 diye mi, \u00f6l\u00fc niyetine mi yapay\u0131m&#8221; der &#8220;\u00f6l\u00fc niyetine&#8221; cevab\u0131n\u0131 al\u0131r. Namazdan sonra tabut a\u00e7\u0131ld\u0131\u011f\u0131nda askerin \u00f6lm\u00fc\u015f oldu\u011fu g\u00f6r\u00fcl\u00fcr.<\/p>\n<p>&nbsp;&nbsp;&nbsp;&nbsp;&nbsp;&nbsp;Bir ba\u015fka anlat\u0131ya g\u00f6re ise;<\/p>\n<p>&nbsp;&nbsp;&nbsp;&nbsp;&nbsp;&nbsp;Vaktinde II.Murat Han \u00dcmmi Kemal Hazretlerine misafir olmu\u015ftur. Vakit hayli ilerlemesine ra\u011fmen \u015feyhin bir haz\u0131rl\u0131k yapmad\u0131\u011f\u0131n g\u00f6ren Murat Han \u015feyhten askerleriniz doyurmas\u0131n\u0131 istedi. \u015eeyh yan\u0131ndakilerden bir tane kazan, bir sa\u00e7 aya\u011f\u0131, bir de mum istedi. Eline kep\u00e7eyi alan \u015eeyh, ne yemek istediklerini sordu. Kep\u00e7eyi kazana dald\u0131rarak, istenen yemekleri, kep\u00e7eler dolusu olarak erat\u0131n karavanalar\u0131nda bo\u015faltt\u0131. II. Murat ve beraberindeki zevat hayretler i\u00e7erisinde kalarak \u00dcmmi Kemal Hazretlerinin b\u00fcy\u00fck bir veli oldu\u011funu anlam\u0131\u015f oldular<\/p>\n<p>&nbsp;<br \/>\n<center>Kaynak: <span style=\"color: blue;\"> Dr. Ya\u015far Kalafat Ki\u015fisel Web Sitesi<\/span><\/center>&nbsp;\n<\/td>\n<\/tr>\n<\/table>\n","protected":false},"excerpt":{"rendered":"<p>Document \u00dcMM\u0130 KEMAL HAZRETLER\u0130 &nbsp;&nbsp;&nbsp;&nbsp;&nbsp;&nbsp;Anadolu velilerinden, \u015fair. As\u0131l ad\u0131 \u0130smail&#8217;dir. \u00dcmmi lakab\u0131yla me\u015fhur olmu\u015ftur. &nbsp;&nbsp;&nbsp;&nbsp;&nbsp;&nbsp;\u00dcmmi Kemal Hazretlerinin t\u00fcrbesi Bolu ili merkez Tekke-I\u015f\u0131klar k\u00f6y\u00fcndedir. Halk kendisinin ziyaret edili\u015f sebebini &#8220;evliya oldu\u011fu&#8221; \u015feklinde izah etmektedir. &nbsp;&nbsp;&nbsp;&nbsp;&nbsp;&nbsp;Ziyaret edenler herhangi bir ta\u015fk\u0131nl\u0131\u011fa yol a\u00e7maz, Kur&#8217;an-\u0131 Kerim okur, Allah&#8217;a duada bulunurlar. Hery\u0131l yaz aylar\u0131nda belirli bir g\u00fcn k\u00f6yl\u00fclerce toplu halde yemekli mevl\u00fct okutulur. &nbsp;&nbsp;&nbsp;&nbsp;&nbsp;&nbsp;Anlat\u0131ya g\u00f6re, \u00dcmmi Kemal Hazretlerinin \u015f\u00f6hretini duyan II Mehmet \u015eehzadeliyi d\u00f6neminde Hazreti denemek ister. Canl\u0131 bir askeri tabuta koyarlar \u00dcmmi Kemal&#8217;e &#8220;cenazemiz var, bunun namaz\u0131n\u0131 kald\u0131r\u0131r m\u0131s\u0131n&#8221; diye ricada bulunurlar. &nbsp;&nbsp;&nbsp;&nbsp;&nbsp;&nbsp;\u00dcmmi Kemal <\/p>\n","protected":false},"author":1,"featured_media":0,"parent":0,"menu_order":0,"comment_status":"closed","ping_status":"closed","template":"templates\/organic-custom-template.php","meta":{"ngg_post_thumbnail":0,"footnotes":""},"class_list":["post-299","page","type-page","status-publish","hentry"],"yoast_head":"<!-- This site is optimized with the Yoast SEO plugin v19.3 - https:\/\/yoast.com\/wordpress\/plugins\/seo\/ -->\r\n<title>\u00dcmmi Kemal Hazretleri (k.s.) - Dortdivan.Net<\/title>\r\n<meta name=\"robots\" content=\"index, follow, max-snippet:-1, max-image-preview:large, max-video-preview:-1\" \/>\r\n<link rel=\"canonical\" href=\"https:\/\/dortdivan.net\/?page_id=299\" \/>\r\n<meta property=\"og:locale\" content=\"tr_TR\" \/>\r\n<meta property=\"og:type\" content=\"article\" \/>\r\n<meta property=\"og:title\" content=\"\u00dcmmi Kemal Hazretleri (k.s.) - Dortdivan.Net\" \/>\r\n<meta property=\"og:description\" content=\"Document \u00dcMM\u0130 KEMAL HAZRETLER\u0130 &nbsp;&nbsp;&nbsp;&nbsp;&nbsp;&nbsp;Anadolu velilerinden, \u015fair. As\u0131l ad\u0131 \u0130smail&#8217;dir. \u00dcmmi lakab\u0131yla me\u015fhur olmu\u015ftur. &nbsp;&nbsp;&nbsp;&nbsp;&nbsp;&nbsp;\u00dcmmi Kemal Hazretlerinin t\u00fcrbesi Bolu ili merkez Tekke-I\u015f\u0131klar k\u00f6y\u00fcndedir. Halk kendisinin ziyaret edili\u015f sebebini &#8220;evliya oldu\u011fu&#8221; \u015feklinde izah etmektedir. &nbsp;&nbsp;&nbsp;&nbsp;&nbsp;&nbsp;Ziyaret edenler herhangi bir ta\u015fk\u0131nl\u0131\u011fa yol a\u00e7maz, Kur&#8217;an-\u0131 Kerim okur, Allah&#8217;a duada bulunurlar. Hery\u0131l yaz aylar\u0131nda belirli bir g\u00fcn k\u00f6yl\u00fclerce toplu halde yemekli mevl\u00fct okutulur. &nbsp;&nbsp;&nbsp;&nbsp;&nbsp;&nbsp;Anlat\u0131ya g\u00f6re, \u00dcmmi Kemal Hazretlerinin \u015f\u00f6hretini duyan II Mehmet \u015eehzadeliyi d\u00f6neminde Hazreti denemek ister. Canl\u0131 bir askeri tabuta koyarlar \u00dcmmi Kemal&#8217;e &#8220;cenazemiz var, bunun namaz\u0131n\u0131 kald\u0131r\u0131r m\u0131s\u0131n&#8221; diye ricada bulunurlar. &nbsp;&nbsp;&nbsp;&nbsp;&nbsp;&nbsp;\u00dcmmi Kemal\" \/>\r\n<meta property=\"og:url\" content=\"https:\/\/dortdivan.net\/?page_id=299\" \/>\r\n<meta property=\"og:site_name\" content=\"Dortdivan.Net\" \/>\r\n<meta property=\"article:modified_time\" content=\"2022-07-27T16:01:14+00:00\" \/>\r\n<meta name=\"twitter:card\" content=\"summary_large_image\" \/>\r\n<meta name=\"twitter:label1\" content=\"Tahmini okuma s\u00fcresi\" \/>\n\t<meta name=\"twitter:data1\" content=\"2 dakika\" \/>\r\n<script type=\"application\/ld+json\" class=\"yoast-schema-graph\">{\"@context\":\"https:\/\/schema.org\",\"@graph\":[{\"@type\":\"WebSite\",\"@id\":\"https:\/\/dortdivan.net\/#website\",\"url\":\"https:\/\/dortdivan.net\/\",\"name\":\"Dortdivan.Net\",\"description\":\"G\u00fczel \u0130l\u00e7em...\",\"potentialAction\":[{\"@type\":\"SearchAction\",\"target\":{\"@type\":\"EntryPoint\",\"urlTemplate\":\"https:\/\/dortdivan.net\/?s={search_term_string}\"},\"query-input\":\"required name=search_term_string\"}],\"inLanguage\":\"tr\"},{\"@type\":\"WebPage\",\"@id\":\"https:\/\/dortdivan.net\/?page_id=299\",\"url\":\"https:\/\/dortdivan.net\/?page_id=299\",\"name\":\"\u00dcmmi Kemal Hazretleri (k.s.) - Dortdivan.Net\",\"isPartOf\":{\"@id\":\"https:\/\/dortdivan.net\/#website\"},\"datePublished\":\"2022-07-27T15:06:05+00:00\",\"dateModified\":\"2022-07-27T16:01:14+00:00\",\"breadcrumb\":{\"@id\":\"https:\/\/dortdivan.net\/?page_id=299#breadcrumb\"},\"inLanguage\":\"tr\",\"potentialAction\":[{\"@type\":\"ReadAction\",\"target\":[\"https:\/\/dortdivan.net\/?page_id=299\"]}]},{\"@type\":\"BreadcrumbList\",\"@id\":\"https:\/\/dortdivan.net\/?page_id=299#breadcrumb\",\"itemListElement\":[{\"@type\":\"ListItem\",\"position\":1,\"name\":\"Anasayfa\",\"item\":\"https:\/\/dortdivan.net\/\"},{\"@type\":\"ListItem\",\"position\":2,\"name\":\"\u00dcmmi Kemal Hazretleri (k.s.)\"}]}]}<\/script>\r\n<!-- \/ Yoast SEO plugin. -->","yoast_head_json":{"title":"\u00dcmmi Kemal Hazretleri (k.s.) - Dortdivan.Net","robots":{"index":"index","follow":"follow","max-snippet":"max-snippet:-1","max-image-preview":"max-image-preview:large","max-video-preview":"max-video-preview:-1"},"canonical":"https:\/\/dortdivan.net\/?page_id=299","og_locale":"tr_TR","og_type":"article","og_title":"\u00dcmmi Kemal Hazretleri (k.s.) - Dortdivan.Net","og_description":"Document \u00dcMM\u0130 KEMAL HAZRETLER\u0130 &nbsp;&nbsp;&nbsp;&nbsp;&nbsp;&nbsp;Anadolu velilerinden, \u015fair. As\u0131l ad\u0131 \u0130smail&#8217;dir. \u00dcmmi lakab\u0131yla me\u015fhur olmu\u015ftur. &nbsp;&nbsp;&nbsp;&nbsp;&nbsp;&nbsp;\u00dcmmi Kemal Hazretlerinin t\u00fcrbesi Bolu ili merkez Tekke-I\u015f\u0131klar k\u00f6y\u00fcndedir. Halk kendisinin ziyaret edili\u015f sebebini &#8220;evliya oldu\u011fu&#8221; \u015feklinde izah etmektedir. &nbsp;&nbsp;&nbsp;&nbsp;&nbsp;&nbsp;Ziyaret edenler herhangi bir ta\u015fk\u0131nl\u0131\u011fa yol a\u00e7maz, Kur&#8217;an-\u0131 Kerim okur, Allah&#8217;a duada bulunurlar. Hery\u0131l yaz aylar\u0131nda belirli bir g\u00fcn k\u00f6yl\u00fclerce toplu halde yemekli mevl\u00fct okutulur. &nbsp;&nbsp;&nbsp;&nbsp;&nbsp;&nbsp;Anlat\u0131ya g\u00f6re, \u00dcmmi Kemal Hazretlerinin \u015f\u00f6hretini duyan II Mehmet \u015eehzadeliyi d\u00f6neminde Hazreti denemek ister. Canl\u0131 bir askeri tabuta koyarlar \u00dcmmi Kemal&#8217;e &#8220;cenazemiz var, bunun namaz\u0131n\u0131 kald\u0131r\u0131r m\u0131s\u0131n&#8221; diye ricada bulunurlar. &nbsp;&nbsp;&nbsp;&nbsp;&nbsp;&nbsp;\u00dcmmi Kemal","og_url":"https:\/\/dortdivan.net\/?page_id=299","og_site_name":"Dortdivan.Net","article_modified_time":"2022-07-27T16:01:14+00:00","twitter_card":"summary_large_image","twitter_misc":{"Tahmini okuma s\u00fcresi":"2 dakika"},"schema":{"@context":"https:\/\/schema.org","@graph":[{"@type":"WebSite","@id":"https:\/\/dortdivan.net\/#website","url":"https:\/\/dortdivan.net\/","name":"Dortdivan.Net","description":"G\u00fczel \u0130l\u00e7em...","potentialAction":[{"@type":"SearchAction","target":{"@type":"EntryPoint","urlTemplate":"https:\/\/dortdivan.net\/?s={search_term_string}"},"query-input":"required name=search_term_string"}],"inLanguage":"tr"},{"@type":"WebPage","@id":"https:\/\/dortdivan.net\/?page_id=299","url":"https:\/\/dortdivan.net\/?page_id=299","name":"\u00dcmmi Kemal Hazretleri (k.s.) - Dortdivan.Net","isPartOf":{"@id":"https:\/\/dortdivan.net\/#website"},"datePublished":"2022-07-27T15:06:05+00:00","dateModified":"2022-07-27T16:01:14+00:00","breadcrumb":{"@id":"https:\/\/dortdivan.net\/?page_id=299#breadcrumb"},"inLanguage":"tr","potentialAction":[{"@type":"ReadAction","target":["https:\/\/dortdivan.net\/?page_id=299"]}]},{"@type":"BreadcrumbList","@id":"https:\/\/dortdivan.net\/?page_id=299#breadcrumb","itemListElement":[{"@type":"ListItem","position":1,"name":"Anasayfa","item":"https:\/\/dortdivan.net\/"},{"@type":"ListItem","position":2,"name":"\u00dcmmi Kemal Hazretleri (k.s.)"}]}]}},"_links":{"self":[{"href":"https:\/\/dortdivan.net\/index.php?rest_route=\/wp\/v2\/pages\/299","targetHints":{"allow":["GET"]}}],"collection":[{"href":"https:\/\/dortdivan.net\/index.php?rest_route=\/wp\/v2\/pages"}],"about":[{"href":"https:\/\/dortdivan.net\/index.php?rest_route=\/wp\/v2\/types\/page"}],"author":[{"embeddable":true,"href":"https:\/\/dortdivan.net\/index.php?rest_route=\/wp\/v2\/users\/1"}],"replies":[{"embeddable":true,"href":"https:\/\/dortdivan.net\/index.php?rest_route=%2Fwp%2Fv2%2Fcomments&post=299"}],"version-history":[{"count":10,"href":"https:\/\/dortdivan.net\/index.php?rest_route=\/wp\/v2\/pages\/299\/revisions"}],"predecessor-version":[{"id":308,"href":"https:\/\/dortdivan.net\/index.php?rest_route=\/wp\/v2\/pages\/299\/revisions\/308"}],"wp:attachment":[{"href":"https:\/\/dortdivan.net\/index.php?rest_route=%2Fwp%2Fv2%2Fmedia&parent=299"}],"curies":[{"name":"wp","href":"https:\/\/api.w.org\/{rel}","templated":true}]}}